{"id":1577,"date":"2020-09-16T17:54:53","date_gmt":"2020-09-16T15:54:53","guid":{"rendered":"https:\/\/www.elsaregal.com\/pide-tu-cita\/"},"modified":"2021-03-10T13:57:18","modified_gmt":"2021-03-10T11:57:18","slug":"pide-tu-cita","status":"publish","type":"page","link":"https:\/\/www.elsaregal.com\/ca\/pide-tu-cita\/","title":{"rendered":"Demana cita"},"content":{"rendered":"<div class=\"wpb-content-wrapper\"><p>[vc_row][vc_column width=&#8221;1\/2&#8243;][vc_custom_heading text=&#8221;SOL\u00b7LICITA AC\u00cd LA TEUA CITA&#8221; use_theme_fonts=&#8221;yes&#8221;]\n<div class=\"wpcf7 no-js\" id=\"wpcf7-f1554-o1\" lang=\"ca\" dir=\"ltr\" data-wpcf7-id=\"1554\">\n<div class=\"screen-reader-response\"><p role=\"status\" aria-live=\"polite\" aria-atomic=\"true\"><\/p> <ul><\/ul><\/div>\n<form action=\"\/ca\/wp-json\/wp\/v2\/pages\/1577#wpcf7-f1554-o1\" method=\"post\" class=\"wpcf7-form init\" aria-label=\"Formulari de contacte\" novalidate=\"novalidate\" data-status=\"init\">\n<div style=\"display: none;\">\n<input type=\"hidden\" name=\"_wpcf7\" value=\"1554\" \/>\n<input type=\"hidden\" name=\"_wpcf7_version\" value=\"6.0.5\" \/>\n<input type=\"hidden\" name=\"_wpcf7_locale\" value=\"ca\" \/>\n<input type=\"hidden\" name=\"_wpcf7_unit_tag\" value=\"wpcf7-f1554-o1\" \/>\n<input type=\"hidden\" name=\"_wpcf7_container_post\" value=\"0\" \/>\n<input type=\"hidden\" name=\"_wpcf7_posted_data_hash\" value=\"\" \/>\n<input type=\"hidden\" name=\"_wpcf7_recaptcha_response\" value=\"\" \/>\n<\/div>\n<p><span class=\"wpcf7-form-control-wrap\" data-name=\"Nombre\"><input size=\"40\" maxlength=\"400\" class=\"wpcf7-form-control wpcf7-text wpcf7-validates-as-required\" aria-required=\"true\" aria-invalid=\"false\" placeholder=\"Nom i cognoms\" value=\"\" type=\"text\" name=\"Nombre\" \/><\/span>\n<\/p>\n<p><span class=\"wpcf7-form-control-wrap\" data-name=\"correo-e\"><input size=\"40\" maxlength=\"400\" class=\"wpcf7-form-control wpcf7-email wpcf7-validates-as-required wpcf7-text wpcf7-validates-as-email\" aria-required=\"true\" aria-invalid=\"false\" placeholder=\"Correu electr\u00f2nic\" value=\"\" type=\"email\" name=\"correo-e\" \/><\/span>\n<\/p>\n<p><span class=\"wpcf7-form-control-wrap\" data-name=\"Telefono\"><input size=\"40\" maxlength=\"400\" class=\"wpcf7-form-control wpcf7-tel wpcf7-text wpcf7-validates-as-tel\" aria-invalid=\"false\" placeholder=\"Tel\u00e8fon\" value=\"\" type=\"tel\" name=\"Telefono\" \/><\/span>\n<\/p>\n<p><span class=\"wpcf7-form-control-wrap\" data-name=\"fecha\"><input class=\"wpcf7-form-control wpcf7-date wpcf7-validates-as-required wpcf7-validates-as-date\" aria-required=\"true\" aria-invalid=\"false\" placeholder=\"AAAA-MM-DD\" value=\"\" type=\"date\" name=\"fecha\" \/><\/span>\n<\/p>\n<p><span class=\"wpcf7-form-control-wrap\" data-name=\"Observaciones\"><textarea cols=\"40\" rows=\"10\" maxlength=\"2000\" class=\"wpcf7-form-control wpcf7-textarea\" aria-invalid=\"false\" placeholder=\"Observacions\" name=\"Observaciones\"><\/textarea><\/span>\n<\/p>\n<p><span class=\"wpcf7-form-control-wrap\" data-name=\"aceptar-privacidad\"><span class=\"wpcf7-form-control wpcf7-acceptance\"><span class=\"wpcf7-list-item\"><input type=\"checkbox\" name=\"aceptar-privacidad\" value=\"1\" aria-invalid=\"false\" \/><\/span><\/span><\/span> He llegit i accepte la <a href=\"\/politica-de-privacidad\" target=\"_blank\">pol\u00edtica de privacitat<\/a>\n<\/p>\n<p><small>Les dades de car\u00e0cter personal que consten a la consulta seran tractades per ELSA REGAL MALDONADO. La seda finalitat \u00e9s donar resposta a les consultes i\/o gesti\u00f3 de cites. La legitimaci\u00f3 del tractament \u00e9s el teu consentiment. Totes les teues dadas no seran cedides a tercers. Tens dret a accedir, rectificar i suprimir les temes dades, aix\u00ed com altres drets com s'explica a la nostra <a href=\"\/politica-de-privacidad\" target=\"_blank\">pol\u00edtica de privacitat<\/a><\/small>\n<\/p>\n<p><input class=\"wpcf7-form-control wpcf7-submit has-spinner view_all\" type=\"submit\" value=\"Demana ara la teua cita\" \/>\n<\/p><p style=\"display: none !important;\" class=\"akismet-fields-container\" data-prefix=\"_wpcf7_ak_\"><label>&#916;<textarea name=\"_wpcf7_ak_hp_textarea\" cols=\"45\" rows=\"8\" maxlength=\"100\"><\/textarea><\/label><input type=\"hidden\" id=\"ak_js_1\" name=\"_wpcf7_ak_js\" value=\"101\"\/><script>document.getElementById( \"ak_js_1\" ).setAttribute( \"value\", ( new Date() ).getTime() );<\/script><\/p><div class=\"wpcf7-response-output\" aria-hidden=\"true\"><\/div>\n<\/form>\n<\/div>\n[\/vc_column][vc_column width=&#8221;1\/2&#8243; css=&#8221;.vc_custom_1614873497558{padding-top: 20px !important;}&#8221;][vc_empty_space height=&#8221;20px&#8221;]<div class=\"quick_block mb30\"><div class=\"row m0 inner\" style=\"background: url(https:\/\/www.elsaregal.com\/wp-content\/themes\/medical-pro\/images\/pages\/quick-blocks\/4.png) no-repeat scroll right bottom #1e73be;\"><div class=\"row heading m0\"><h5 style='color: #FFF;'>URG\u00c8NCIES: 696 085 154<\/h5><h3>SI VOST\u00c9 PRESENTA FEBRE, TOS O MALESTAR GENERAL:<\/h3><\/div><p>1. Retarde la cita fins aclarir l'origen del seu quadre cl\u00ednic<br \/>\n2. En cas d'urg\u00e8ncia dental, no acudisca a la consulta sense avisar-nos pr\u00e8viament per tel\u00e8fon per poder prendre les mesures oportunes<\/p><\/div><\/div>[vc_empty_space height=&#8221;20px&#8221;][vc_custom_heading text=&#8221;C\u00f3m preparem als nostres pacients&#8221; font_container=&#8221;tag:h3|text_align:left&#8221; use_theme_fonts=&#8221;yes&#8221; css=&#8221;.vc_custom_1615377287615{margin-top: 20px !important;}&#8221; el_class=&#8221;contact_section_title&#8221;][vc_raw_html]JTNDaWZyYW1lJTIwc3JjJTNEJTIyaHR0cHMlM0ElMkYlMkZ3d3cuZmFjZWJvb2suY29tJTJGcGx1Z2lucyUyRnZpZGVvLnBocCUzRmhlaWdodCUzRDMxNCUyNmhyZWYlM0RodHRwcyUyNTNBJTI1MkYlMjUyRnd3dy5mYWNlYm9vay5jb20lMjUyRmNsaW5pY2FlbHNhcmVnYWwlMjUyRnZpZGVvcyUyNTJGMTcwNDQ1MTgxMDEzOTU0JTI1MkYlMjZzaG93X3RleHQlM0RmYWxzZSUyNndpZHRoJTNENTYwJTIyJTIwd2lkdGglM0QlMjIxMDAlMjUlMjIlMjBoZWlnaHQlM0QlMjIzMTQlMjIlMjBzdHlsZSUzRCUyMmJvcmRlciUzQW5vbmUlM0JvdmVyZmxvdyUzQWhpZGRlbiUyMiUyMHNjcm9sbGluZyUzRCUyMm5vJTIyJTIwZnJhbWVib3JkZXIlM0QlMjIwJTIyJTIwYWxsb3dmdWxsc2NyZWVuJTNEJTIydHJ1ZSUyMiUyMGFsbG93JTNEJTIyYXV0b3BsYXklM0IlMjBjbGlwYm9hcmQtd3JpdGUlM0IlMjBlbmNyeXB0ZWQtbWVkaWElM0IlMjBwaWN0dXJlLWluLXBpY3R1cmUlM0IlMjB3ZWItc2hhcmUlMjIlMjBhbGxvd0Z1bGxTY3JlZW4lM0QlMjJ0cnVlJTIyJTNFJTNDJTJGaWZyYW1lJTNF[\/vc_raw_html][\/vc_column][\/vc_row]<\/p>\n<\/div>","protected":false},"excerpt":{"rendered":"<p>[vc_row][vc_column width=&#8221;1\/2&#8243;][vc_custom_heading text=&#8221;SOL\u00b7LICITA AC\u00cd LA TEUA CITA&#8221; use_theme_fonts=&#8221;yes&#8221;][\/vc_column][vc_column width=&#8221;1\/2&#8243; css=&#8221;.vc_custom_1614873497558{padding-top: 20px !important;}&#8221;][vc_empty_space height=&#8221;20px&#8221;][vc_empty_space height=&#8221;20px&#8221;][vc_custom_heading text=&#8221;C\u00f3m preparem als nostres pacients&#8221; font_container=&#8221;tag:h3|text_align:left&#8221; use_theme_fonts=&#8221;yes&#8221; css=&#8221;.vc_custom_1615377287615{margin-top: 20px !important;}&#8221; el_class=&#8221;contact_section_title&#8221;][vc_raw_html]JTNDaWZyYW1lJTIwc3JjJTNEJTIyaHR0cHMlM0ElMkYlMkZ3d3cuZmFjZWJvb2suY29tJTJGcGx1Z2lucyUyRnZpZGVvLnBocCUzRmhlaWdodCUzRDMxNCUyNmhyZWYlM0RodHRwcyUyNTNBJTI1MkYlMjUyRnd3dy5mYWNlYm9vay5jb20lMjUyRmNsaW5pY2FlbHNhcmVnYWwlMjUyRnZpZGVvcyUyNTJGMTcwNDQ1MTgxMDEzOTU0JTI1MkYlMjZzaG93X3RleHQlM0RmYWxzZSUyNndpZHRoJTNENTYwJTIyJTIwd2lkdGglM0QlMjIxMDAlMjUlMjIlMjBoZWlnaHQlM0QlMjIzMTQlMjIlMjBzdHlsZSUzRCUyMmJvcmRlciUzQW5vbmUlM0JvdmVyZmxvdyUzQWhpZGRlbiUyMiUyMHNjcm9sbGluZyUzRCUyMm5vJTIyJTIwZnJhbWVib3JkZXIlM0QlMjIwJTIyJTIwYWxsb3dmdWxsc2NyZWVuJTNEJTIydHJ1ZSUyMiUyMGFsbG93JTNEJTIyYXV0b3BsYXklM0IlMjBjbGlwYm9hcmQtd3JpdGUlM0IlMjBlbmNyeXB0ZWQtbWVkaWElM0IlMjBwaWN0dXJlLWluLXBpY3R1cmUlM0IlMjB3ZWItc2hhcmUlMjIlMjBhbGxvd0Z1bGxTY3JlZW4lM0QlMjJ0cnVlJTIyJTNFJTNDJTJGaWZyYW1lJTNF[\/vc_raw_html][\/vc_column][\/vc_row]<\/p>\n","protected":false},"author":1,"featured_media":0,"parent":0,"menu_order":0,"comment_status":"closed","ping_status":"closed","template":"","meta":{"footnotes":""},"class_list":["post-1577","page","type-page","status-publish","hentry"],"_links":{"self":[{"href":"https:\/\/www.elsaregal.com\/ca\/wp-json\/wp\/v2\/pages\/1577","targetHints":{"allow":["GET"]}}],"collection":[{"href":"https:\/\/www.elsaregal.com\/ca\/wp-json\/wp\/v2\/pages"}],"about":[{"href":"https:\/\/www.elsaregal.com\/ca\/wp-json\/wp\/v2\/types\/page"}],"author":[{"embeddable":true,"href":"https:\/\/www.elsaregal.com\/ca\/wp-json\/wp\/v2\/users\/1"}],"replies":[{"embeddable":true,"href":"https:\/\/www.elsaregal.com\/ca\/wp-json\/wp\/v2\/comments?post=1577"}],"version-history":[{"count":2,"href":"https:\/\/www.elsaregal.com\/ca\/wp-json\/wp\/v2\/pages\/1577\/revisions"}],"predecessor-version":[{"id":1579,"href":"https:\/\/www.elsaregal.com\/ca\/wp-json\/wp\/v2\/pages\/1577\/revisions\/1579"}],"wp:attachment":[{"href":"https:\/\/www.elsaregal.com\/ca\/wp-json\/wp\/v2\/media?parent=1577"}],"curies":[{"name":"wp","href":"https:\/\/api.w.org\/{rel}","templated":true}]}}